{"id":5,"date":"2021-04-04T18:56:25","date_gmt":"2021-04-04T16:56:25","guid":{"rendered":"https:\/\/www.fraichisme.fr\/?page_id=5"},"modified":"2021-04-22T20:46:48","modified_gmt":"2021-04-22T18:46:48","slug":"accueil","status":"publish","type":"page","link":"https:\/\/www.fraichisme.fr\/","title":{"rendered":"Accueil"},"content":{"rendered":"\n<figure class=\"wp-block-table is-style-regular\"><table class=\"has-subtle-pale-blue-background-color has-background\"><tbody><tr><td>Le <strong>fra\u00eechisme<\/strong>, si l&rsquo;on remonte aux sources, voit le jour en 1961, en m\u00eame temps que Guy Bonet. C&rsquo;est en effet cet enfant \u00e9tonnamment dou\u00e9 pour toutes les formes artistiques qui donnera ses lettres de noblesse au <strong>fra\u00eechisme<\/strong>, cette \u00e9cole artistique qui n&rsquo;a aujourd&rsquo;hui rien \u00e0 envier aux plus grandes.<br>A peine balbutiant, le marmot profite de la premi\u00e8re mati\u00e8re color\u00e9e qui lui tombe sous la main pour \u00e9tablir ses premi\u00e8res compositions. Ses parents, malheureusement herm\u00e9tiques au fra\u00eechisme (ce qui remet en cause toutes les th\u00e9ories sur l&rsquo;h\u00e9r\u00e9dit\u00e9&#8230;) ne savent que le traiter de \u00ab\u00a0vilain\u00a0\u00bb et l&rsquo;envoient au coin, ce qui aurait pu avoir la f\u00e2cheuse cons\u00e9quence de rendre l&rsquo;enfant cubiste. Fort heureusement l&rsquo;enfant r\u00e9siste aux coins, et persiste dans ses explorations de la mati\u00e8re et de la couleur.<br>Puis le bambin \u00e9labore et m\u00fbrit son \u0153uvre, s&rsquo;inspirant des aliments qui s&rsquo;offrent \u00e0 lui. Au gr\u00e9 du march\u00e9, il passe de la fraise \u00e9cras\u00e9e au potage verd\u00e2tre (refusant pourtant opini\u00e2trement les \u00e9pinards, dont la couleur peu franche ne lui inspire qu&rsquo;une m\u00e9fiance justifi\u00e9e et bien compr\u00e9hensible). Il forme ainsi des compositions sur nappe cir\u00e9e dont la polychromie r\u00e9v\u00e8le un s\u00fbr talent de coloriste qui ne se d\u00e9mentira plus, malgr\u00e9 l&rsquo;obstination des parents qui persistent \u00e0 nettoyer ces \u0153uvres uniques, victimes de cette \u00ab\u00a0compulsion de la propret\u00e9\u00a0\u00bb. Il ne reste donc malheureusement rien de cette phase du fra\u00eechisme, en dehors des souvenirs des t\u00e9moins oculaires\u2026<br>Mais qu&rsquo;est-ce que le fra\u00eechisme ? Si l&rsquo;on pose la question \u00e0 Guy Bonet, il r\u00e9pond, sur un ton lourd de sous-entendus, qu&rsquo;il n&rsquo;en sait rien. Cette \u00e9cole, qui n&rsquo;impose aucune r\u00e8gle, aucune technique, autre que le bon plaisir de l&rsquo;artiste (ou de l&rsquo;\u0153uvrier) a quand m\u00eame une contrainte : la \u00ab\u00a0date limite de fra\u00eecheur\u00a0\u00bb doit imp\u00e9rativement figurer sur chaque \u0153uvre lorsqu&rsquo;elle est vendue, faute de se voir refuser le label \u00ab\u00a0fra\u00eechiste\u00a0\u00bb. C&rsquo;est en quelque sorte le \u00ab\u00a0certificat d&rsquo;authenticit\u00e9\u00a0\u00bb des toiles fra\u00eechistes. En dehors de cela, l&rsquo;artiste (ou \u0153uvrier) est libre de se fier \u00e0 son instinct et \u00e0 sa bonne humeur.<\/td><\/tr><\/tbody><\/table><\/figure>\n\n\n\n<div style=\"height:20px\" aria-hidden=\"true\" class=\"wp-block-spacer\"><\/div>\n\n\n\n<h3 class=\"alignfull has-text-align-center has-vivid-red-color has-text-color wp-block-heading\"><strong>Les fra\u00eechistes<\/strong><\/h3>\n\n\n\n<section class=\"wp-block-uagb-columns uagb-columns__wrap uagb-columns__background-color uagb-columns__stack-mobile uagb-columns__valign-undefined uagb-columns__gap-5 alignundefined uagb-block-b0313c32\"><div class=\"uagb-columns__overlay\"><\/div><div class=\"uagb-columns__inner-wrap uagb-columns__columns-4\">\n<div class=\"wp-block-uagb-column uagb-column__wrap uagb-column__background-undefined uagb-block-08f5a875\"><div class=\"uagb-column__overlay\"><\/div><div class=\"uagb-column__inner-wrap\">\n<div class=\"wp-block-image\"><figure class=\"aligncenter size-large is-resized\"><a href=\"https:\/\/www.fraichisme.fr\/?page_id=23\"><img loading=\"lazy\" decoding=\"async\" src=\"https:\/\/www.fraichisme.fr\/wp-content\/uploads\/2021\/04\/Yug.jpg\" alt=\"Yug\" class=\"wp-image-122\" width=\"160\" height=\"128\" srcset=\"https:\/\/www.fraichisme.fr\/wp-content\/uploads\/2021\/04\/Yug.jpg 419w, https:\/\/www.fraichisme.fr\/wp-content\/uploads\/2021\/04\/Yug-300x241.jpg 300w\" sizes=\"auto, (max-width: 160px) 100vw, 160px\" \/><\/a><figcaption><strong>Yug<\/strong><\/figcaption><\/figure><\/div>\n\n\n\n<div class=\"wp-block-image\"><figure class=\"aligncenter size-large is-resized\"><a href=\"https:\/\/www.fraichisme.fr\/?page_id=232\"><img loading=\"lazy\" decoding=\"async\" src=\"https:\/\/www.fraichisme.fr\/wp-content\/uploads\/2021\/04\/cuisine.jpeg\" alt=\"\" class=\"wp-image-190\" width=\"138\" height=\"113\" srcset=\"https:\/\/www.fraichisme.fr\/wp-content\/uploads\/2021\/04\/cuisine.jpeg 516w, https:\/\/www.fraichisme.fr\/wp-content\/uploads\/2021\/04\/cuisine-300x247.jpeg 300w\" sizes=\"auto, (max-width: 138px) 100vw, 138px\" \/><\/a><figcaption><strong>Mireille<\/strong><\/figcaption><\/figure><\/div>\n<\/div><\/div>\n\n\n\n<div class=\"wp-block-uagb-column uagb-column__wrap uagb-column__background-undefined uagb-block-a67cf7cd\"><div class=\"uagb-column__overlay\"><\/div><div class=\"uagb-column__inner-wrap\">\n<div class=\"wp-block-image\"><figure class=\"aligncenter size-large is-resized\"><a href=\"https:\/\/www.fraichisme.fr\/?page_id=209\"><img loading=\"lazy\" decoding=\"async\" src=\"https:\/\/www.fraichisme.fr\/wp-content\/uploads\/2021\/04\/HUMAIN-8.jpg\" alt=\"\" class=\"wp-image-212\" width=\"98\" height=\"130\" srcset=\"https:\/\/www.fraichisme.fr\/wp-content\/uploads\/2021\/04\/HUMAIN-8.jpg 774w, https:\/\/www.fraichisme.fr\/wp-content\/uploads\/2021\/04\/HUMAIN-8-227x300.jpg 227w, https:\/\/www.fraichisme.fr\/wp-content\/uploads\/2021\/04\/HUMAIN-8-768x1016.jpg 768w\" sizes=\"auto, (max-width: 98px) 100vw, 98px\" \/><\/a><figcaption><strong>Fred<\/strong><\/figcaption><\/figure><\/div>\n\n\n\n<div class=\"wp-block-image\"><figure class=\"aligncenter size-large is-resized\"><a href=\"https:\/\/www.fraichisme.fr\/?page_id=292\"><img loading=\"lazy\" decoding=\"async\" src=\"https:\/\/www.fraichisme.fr\/wp-content\/uploads\/2021\/04\/Antoine.jpg\" alt=\"\" class=\"wp-image-117\" width=\"146\" height=\"109\" srcset=\"https:\/\/www.fraichisme.fr\/wp-content\/uploads\/2021\/04\/Antoine.jpg 400w, https:\/\/www.fraichisme.fr\/wp-content\/uploads\/2021\/04\/Antoine-300x225.jpg 300w\" sizes=\"auto, (max-width: 146px) 100vw, 146px\" \/><\/a><figcaption><strong>Antoine<\/strong><\/figcaption><\/figure><\/div>\n<\/div><\/div>\n\n\n\n<div class=\"wp-block-uagb-column uagb-column__wrap uagb-column__background-undefined uagb-block-7c636c7e\"><div class=\"uagb-column__overlay\"><\/div><div class=\"uagb-column__inner-wrap\">\n<div class=\"wp-block-image\"><figure class=\"aligncenter size-large is-resized\"><a href=\"https:\/\/www.fraichisme.fr\/?page_id=250\"><img loading=\"lazy\" decoding=\"async\" src=\"https:\/\/www.fraichisme.fr\/wp-content\/uploads\/2021\/04\/Mosles23.jpg\" alt=\"\" class=\"wp-image-286\" width=\"112\" height=\"135\" srcset=\"https:\/\/www.fraichisme.fr\/wp-content\/uploads\/2021\/04\/Mosles23.jpg 346w, https:\/\/www.fraichisme.fr\/wp-content\/uploads\/2021\/04\/Mosles23-288x350.jpg 288w\" sizes=\"auto, (max-width: 112px) 100vw, 112px\" \/><\/a><figcaption><strong>Le Duc<\/strong><\/figcaption><\/figure><\/div>\n\n\n\n<p><\/p>\n<\/div><\/div>\n\n\n\n<div class=\"wp-block-uagb-column uagb-column__wrap uagb-column__background-undefined uagb-block-dfe83323\"><div class=\"uagb-column__overlay\"><\/div><div class=\"uagb-column__inner-wrap\">\n<div class=\"wp-block-image\"><figure class=\"aligncenter size-large is-resized\"><a href=\"https:\/\/www.fraichisme.fr\/?page_id=232\"><img loading=\"lazy\" decoding=\"async\" src=\"https:\/\/www.fraichisme.fr\/wp-content\/uploads\/2021\/04\/rideau_o-2.jpeg\" alt=\"\" class=\"wp-image-244\" width=\"117\" height=\"138\" srcset=\"https:\/\/www.fraichisme.fr\/wp-content\/uploads\/2021\/04\/rideau_o-2.jpeg 730w, https:\/\/www.fraichisme.fr\/wp-content\/uploads\/2021\/04\/rideau_o-2-298x350.jpeg 298w\" sizes=\"auto, (max-width: 117px) 100vw, 117px\" \/><\/a><figcaption><strong>Brigitte<\/strong><\/figcaption><\/figure><\/div>\n<\/div><\/div>\n<\/div><\/section>\n\n\n\n<p><\/p>\n\n\n\n<p class=\"has-normal-font-size\"><\/p>\n","protected":false},"excerpt":{"rendered":"<p>Le fra\u00eechisme, si l&rsquo;on remonte aux sources, voit le jour en 1961, en m\u00eame temps que Guy Bonet. C&rsquo;est en effet cet enfant \u00e9tonnamment dou\u00e9 pour toutes les formes artistiques qui donnera ses lettres de noblesse au fra\u00eechisme, cette \u00e9cole artistique qui n&rsquo;a aujourd&rsquo;hui rien \u00e0 envier aux plus grandes.A peine balbutiant, le marmot profite [&hellip;]<\/p>\n","protected":false},"author":1,"featured_media":0,"parent":0,"menu_order":0,"comment_status":"closed","ping_status":"closed","template":"","meta":{"ub_ctt_via":"","_uag_custom_page_level_css":"","site-sidebar-layout":"default","site-content-layout":"default","ast-site-content-layout":"","site-content-style":"default","site-sidebar-style":"default","ast-global-header-display":"","ast-banner-title-visibility":"","ast-main-header-display":"","ast-hfb-above-header-display":"","ast-hfb-below-header-display":"","ast-hfb-mobile-header-display":"","site-post-title":"","ast-breadcrumbs-content":"","ast-featured-img":"","footer-sml-layout":"","theme-transparent-header-meta":"default","adv-header-id-meta":"","stick-header-meta":"","header-above-stick-meta":"","header-main-stick-meta":"","header-below-stick-meta":"","astra-migrate-meta-layouts":"default","ast-page-background-enabled":"default","ast-page-background-meta":{"desktop":{"background-color":"","background-image":"","background-repeat":"repeat","background-position":"center center","background-size":"auto","background-attachment":"scroll","background-type":"","background-media":"","overlay-type":"","overlay-color":"","overlay-gradient":""},"tablet":{"background-color":"","background-image":"","background-repeat":"repeat","background-position":"center center","background-size":"auto","background-attachment":"scroll","background-type":"","background-media":"","overlay-type":"","overlay-color":"","overlay-gradient":""},"mobile":{"background-color":"","background-image":"","background-repeat":"repeat","background-position":"center center","background-size":"auto","background-attachment":"scroll","background-type":"","background-media":"","overlay-type":"","overlay-color":"","overlay-gradient":""}},"ast-content-background-meta":{"desktop":{"background-color":"var(--ast-global-color-5)","background-image":"","background-repeat":"repeat","background-position":"center center","background-size":"auto","background-attachment":"scroll","background-type":"","background-media":"","overlay-type":"","overlay-color":"","overlay-gradient":""},"tablet":{"background-color":"var(--ast-global-color-5)","background-image":"","background-repeat":"repeat","background-position":"center center","background-size":"auto","background-attachment":"scroll","background-type":"","background-media":"","overlay-type":"","overlay-color":"","overlay-gradient":""},"mobile":{"background-color":"var(--ast-global-color-5)","background-image":"","background-repeat":"repeat","background-position":"center center","background-size":"auto","background-attachment":"scroll","background-type":"","background-media":"","overlay-type":"","overlay-color":"","overlay-gradient":""}},"footnotes":""},"class_list":["post-5","page","type-page","status-publish","hentry"],"featured_image_src":null,"uagb_featured_image_src":{"full":false,"thumbnail":false,"medium":false,"medium_large":false,"large":false,"1536x1536":false,"2048x2048":false},"uagb_author_info":{"display_name":"admin","author_link":"https:\/\/www.fraichisme.fr\/?author=1"},"uagb_comment_info":0,"uagb_excerpt":"Le fra\u00eechisme, si l&rsquo;on remonte aux sources, voit le jour en 1961, en m\u00eame temps que Guy Bonet. C&rsquo;est en effet cet enfant \u00e9tonnamment dou\u00e9 pour toutes les formes artistiques qui donnera ses lettres de noblesse au fra\u00eechisme, cette \u00e9cole artistique qui n&rsquo;a aujourd&rsquo;hui rien \u00e0 envier aux plus grandes.A peine balbutiant, le marmot profite\u2026","_links":{"self":[{"href":"https:\/\/www.fraichisme.fr\/index.php?rest_route=\/wp\/v2\/pages\/5","targetHints":{"allow":["GET"]}}],"collection":[{"href":"https:\/\/www.fraichisme.fr\/index.php?rest_route=\/wp\/v2\/pages"}],"about":[{"href":"https:\/\/www.fraichisme.fr\/index.php?rest_route=\/wp\/v2\/types\/page"}],"author":[{"embeddable":true,"href":"https:\/\/www.fraichisme.fr\/index.php?rest_route=\/wp\/v2\/users\/1"}],"replies":[{"embeddable":true,"href":"https:\/\/www.fraichisme.fr\/index.php?rest_route=%2Fwp%2Fv2%2Fcomments&post=5"}],"version-history":[{"count":32,"href":"https:\/\/www.fraichisme.fr\/index.php?rest_route=\/wp\/v2\/pages\/5\/revisions"}],"predecessor-version":[{"id":726,"href":"https:\/\/www.fraichisme.fr\/index.php?rest_route=\/wp\/v2\/pages\/5\/revisions\/726"}],"wp:attachment":[{"href":"https:\/\/www.fraichisme.fr\/index.php?rest_route=%2Fwp%2Fv2%2Fmedia&parent=5"}],"curies":[{"name":"wp","href":"https:\/\/api.w.org\/{rel}","templated":true}]}}